{"id":374,"date":"2024-06-28T22:17:24","date_gmt":"2024-06-28T22:17:24","guid":{"rendered":"https:\/\/new.forumenlinea.com\/?page_id=374"},"modified":"2026-03-25T00:32:39","modified_gmt":"2026-03-25T00:32:39","slug":"inicio","status":"publish","type":"page","link":"https:\/\/forumenlinea.com\/","title":{"rendered":"Inicio"},"content":{"rendered":"\n<figure class=\"wp-block-image size-full is-resized\"><a href=\"https:\/\/forumenlinea.com\/?page_id=2442\"><img loading=\"lazy\" decoding=\"async\" width=\"130\" height=\"50\" src=\"https:\/\/forumenlinea.com\/wp-content\/uploads\/2024\/06\/logo_utopia.jpg\" alt=\"\" class=\"wp-image-347\" style=\"width:129px;height:auto\"\/><\/a><figcaption class=\"wp-element-caption\"><strong><a href=\"https:\/\/forumenlinea.com\/?page_id=2442\">Sobre el autor<\/a><\/strong><br>\n  <br>\n<\/figcaption><\/figure>\n\n\n\n<p style='margin-right:0cm;margin-left:0cm;font-size:16px;font-family:\"Times New Roman\",serif;margin:0cm;background:white;'><span style=\"font-size: 19px; font-family: Arial, sans-serif; color: rgb(0, 0, 0);\">Utop&iacute;a<\/span><\/p>\n<p style='margin-right:0cm;margin-left:0cm;font-size:16px;font-family:\"Times New Roman\",serif;margin:0cm;'><span style=\"font-family: Arial, sans-serif; color: rgb(0, 0, 0);\">&nbsp;<\/span><\/p>\n<p style='margin-right:0cm;margin-left:0cm;font-size:16px;font-family:\"Times New Roman\",serif;margin:0cm;text-align:center;'><span style=\"color: rgb(0, 0, 0);\"><strong><span style=\"font-size: 24px; font-family: Arial, sans-serif;\">Kristi Lynn Arnold Noem<\/span><\/strong><\/span><\/p>\n<p style='margin-right:0cm;margin-left:0cm;font-size:16px;font-family:\"Times New Roman\",serif;margin:0cm;'><span style=\"font-family: Arial, sans-serif; color: rgb(0, 0, 0);\">&nbsp;<\/span><\/p>\n<p style='margin-right:0cm;margin-left:0cm;font-size:16px;font-family:\"Times New Roman\",serif;margin:0cm;'><span style=\"color: rgb(0, 0, 0);\"><strong><span style=\"font-family: Arial, sans-serif;\">Eduardo Ibarra Aguirre<\/span><\/strong><\/span><\/p>\n<p style='margin-right:0cm;margin-left:0cm;font-size:16px;font-family:\"Times New Roman\",serif;margin:0cm;'><span style=\"font-family: Arial, sans-serif; color: rgb(0, 0, 0);\">&nbsp;<\/span><\/p>\n<p style='margin-right:0cm;margin-left:0cm;font-size:16px;font-family:\"Times New Roman\",serif;margin:0cm;text-align:justify;'><span style=\"font-family: Arial, sans-serif; color: rgb(0, 0, 0);\">Nada m&aacute;s lleg&oacute; 40 minutos tarde a la cita en Palacio Nacional Kristi Lynn Arnold Noem, la pol&iacute;tica estadunidense que funge como secretaria de Seguridad Nacional de Estados Unidos desde el 25 de enero de 2025 y que es para desearse no sea una improvisada como buena parte de los integrantes del gabinete, por ejemplo el conductor de televisi&oacute;n que ahora cobra como secretario de la Defensa, o el secretario de Salud que debuta con una gran purga laboral en lo poco que queda del sistema p&uacute;blico.<\/span><\/p>\n<p style='margin-right:0cm;margin-left:0cm;font-size:16px;font-family:\"Times New Roman\",serif;margin:0cm;text-align:justify;text-indent:35.4pt;'><br><\/p>\n\n\n\n<p><a href=\"https:\/\/forumenlinea.com\/?p=4477\">M\u00e1s&gt;&gt;<\/a><\/p>\n\n\n\n<p style=\"margin-right: 0cm; margin-left: 0cm; font-size: 16px; font-family: 'Times New Roman','serif'; margin: 0cm; margin-bottom: .0001pt; background: white;\"><span style=\"font-size: 19px; font-family: Arial, Helvetica, sans-serif; color: #000000;\">Utop\u00eda<\/span><\/p>\n<p style=\"margin-right: 0cm; margin-left: 0cm; font-size: 16px; font-family: 'Times New Roman','serif'; margin: 0cm; margin-bottom: .0001pt;\"><span style=\"font-family: Arial, Helvetica, sans-serif; color: #000000;\">\u00a0<\/span><\/p>\n<p style=\"margin-right: 0cm; margin-left: 0cm; font-size: 16px; font-family: 'Times New Roman','serif'; margin: 0cm; margin-bottom: .0001pt; text-align: center;\"><span style=\"font-family: Arial, Helvetica, sans-serif; color: #000000;\"><strong><span style=\"font-size: 24px;\">\u201cOrden\u201d del Departamento de Estado<\/span><\/strong><\/span><\/p>\n<p style=\"margin-right: 0cm; margin-left: 0cm; font-size: 16px; font-family: 'Times New Roman','serif'; margin: 0cm; margin-bottom: .0001pt;\"><span style=\"font-family: Arial, Helvetica, sans-serif; color: #000000;\">\u00a0<\/span><\/p>\n<p style=\"margin-right: 0cm; margin-left: 0cm; font-size: 16px; font-family: 'Times New Roman','serif'; margin: 0cm; margin-bottom: .0001pt;\"><span style=\"font-family: Arial, Helvetica, sans-serif; color: #000000;\"><strong>Eduardo Ibarra Aguirre<\/strong><\/span><\/p>\n<p style=\"margin-right: 0cm; margin-left: 0cm; font-size: 16px; font-family: 'Times New Roman','serif'; margin: 0cm; margin-bottom: .0001pt;\"><span style=\"font-family: Arial, Helvetica, sans-serif; color: #000000;\">\u00a0<\/span><\/p>\n<p style=\"margin: 0cm; margin-bottom: .0001pt; font-size: 16px; font-family: 'Times New Roman','serif'; text-align: justify;\"><span style=\"font-family: Arial, Helvetica, sans-serif; color: #000000;\">Mientras que la tendencia nacional en materia de homicidios dolosos, de octubre de 2024 a febrero de 2025, es pronunciadamente a la baja al reducirse 15% \u2013y con un acumulado de 26% desde hace 6.2 a\u00f1os\u2013, en Guanajuato se incrementaron en 33% en el mismo lapso de cinco meses, bajo el gobierno de Libia Garc\u00eda Mu\u00f1oz Ledo, la primera mujer que dirige al estado, lo que represent\u00f3 el 15.9% de todos los homicidios cometidos en M\u00e9xico durante febrero. Es decir, pas\u00f3 de 9.43 a 12.57 cr\u00edmenes en apenas cinco meses.\n\n\n\n<p><a href=\"https:\/\/forumenlinea.com\/?p=4406\">M\u00e1s&gt;&gt;<\/a><\/p>\n\n\n\n<p style=\"margin-right: 0cm; margin-left: 0cm; font-size: 16px; font-family: 'Times New Roman','serif'; margin: 0cm; margin-bottom: .0001pt; background: white;\"><span style=\"font-size: 19px; font-family: Arial, Helvetica, sans-serif; color: #000000;\">Utop\u00eda<\/span><\/p>\n<p style=\"margin-right: 0cm; margin-left: 0cm; font-size: 16px; font-family: 'Times New Roman','serif'; margin: 0cm; margin-bottom: .0001pt;\"><span style=\"font-family: Arial, Helvetica, sans-serif; color: #000000;\">\u00a0<\/span><\/p>\n<p style=\"margin-right: 0cm; margin-left: 0cm; font-size: 16px; font-family: 'Times New Roman','serif'; margin: 0cm; margin-bottom: .0001pt; text-align: center;\"><span style=\"font-family: Arial, Helvetica, sans-serif; color: #000000;\"><strong><span style=\"font-size: 24px;\">Trump: El pez por su boca muere<\/span><\/strong><\/span><\/p>\n<p style=\"margin-right: 0cm; margin-left: 0cm; font-size: 16px; font-family: 'Times New Roman','serif'; margin: 0cm; margin-bottom: .0001pt;\"><span style=\"font-family: Arial, Helvetica, sans-serif; color: #000000;\">\u00a0<\/span><\/p>\n<p style=\"margin-right: 0cm; margin-left: 0cm; font-size: 16px; font-family: 'Times New Roman','serif'; margin: 0cm; margin-bottom: .0001pt;\"><span style=\"font-family: Arial, Helvetica, sans-serif; color: #000000;\"><strong>Eduardo Ibarra Aguirre<\/strong><\/span><\/p>\n<p style=\"margin: 0cm; margin-bottom: .0001pt; font-size: 16px; font-family: 'Times New Roman','serif'; text-align: justify;\"><span style=\"font-family: Arial, Helvetica, sans-serif; color: #000000;\">\u00a0<\/span><\/p>\n<p style=\"margin: 0cm; margin-bottom: .0001pt; font-size: 16px; font-family: 'Times New Roman','serif'; text-align: justify;\"><span style=\"font-family: Arial, Helvetica, sans-serif; color: #000000;\">El m\u00e1s boc\u00f3n de los administradores del impero de las barras y las estrellas, Donald John Trump pontific\u00f3 sobre la necesidad de un per\u00edodo de transici\u00f3n en la econom\u00eda de Estados Unidos para eludir el tema de la amenaza de la recesi\u00f3n econ\u00f3mica y a rengl\u00f3n seguido empeor\u00f3 la percepci\u00f3n de los agentes econ\u00f3micos (plut\u00f3cratas con nombre y apellidos) sobre los efectos de su pol\u00edtica comercial y desataron el p\u00e1nico en los mercados financieros internacionales y que generaron p\u00e9rdidas en capitalizaci\u00f3n que alcanzaron 1.75 billones de d\u00f3lares, lo que casi equivale al tama\u00f1o de la econom\u00eda mexicana.\n\n\n\n<p><a href=\"https:\/\/forumenlinea.com\/?p=4404\">M\u00e1s&gt;&gt;<\/a><\/p>\n\n\n\n<p style=\"margin-right: 0cm; margin-left: 0cm; font-size: 16px; font-family: 'Times New Roman','serif'; margin: 0cm; margin-bottom: .0001pt; background: white;\"><span style=\"font-size: 19px; font-family: Arial, Helvetica, sans-serif; color: #000000;\">Utop\u00eda<\/span><\/p>\n<p style=\"margin-right: 0cm; margin-left: 0cm; font-size: 16px; font-family: 'Times New Roman','serif'; margin: 0cm; margin-bottom: .0001pt;\"><span style=\"font-family: Arial, Helvetica, sans-serif; color: #000000;\">\u00a0<\/span><\/p>\n<p style=\"margin-right: 0cm; margin-left: 0cm; font-size: 16px; font-family: 'Times New Roman','serif'; margin: 0cm; margin-bottom: .0001pt; text-align: center;\"><span style=\"font-family: Arial, Helvetica, sans-serif; color: #000000;\"><strong><span style=\"font-size: 24px;\">Legisladores y pol\u00edticos \u201ceternos\u201d<\/span><\/strong><\/span><\/p>\n<p style=\"margin-right: 0cm; margin-left: 0cm; font-size: 16px; font-family: 'Times New Roman','serif'; margin: 0cm; margin-bottom: .0001pt;\"><span style=\"font-family: Arial, Helvetica, sans-serif; color: #000000;\">\u00a0<\/span><\/p>\n<p style=\"margin-right: 0cm; margin-left: 0cm; font-size: 16px; font-family: 'Times New Roman','serif'; margin: 0cm; margin-bottom: .0001pt;\"><span style=\"font-family: Arial, Helvetica, sans-serif; color: #000000;\"><strong>Eduardo Ibarra Aguirre<\/strong><\/span><\/p>\n<p style=\"margin-right: 0cm; margin-left: 0cm; font-size: 16px; font-family: 'Times New Roman','serif'; margin: 0cm; margin-bottom: .0001pt;\"><span style=\"font-family: Arial, Helvetica, sans-serif; color: #000000;\">\u00a0<\/span><\/p>\n<p style=\"margin-right: 0cm; margin-left: 0cm; font-size: 16px; font-family: 'Times New Roman','serif'; margin: 0cm; margin-bottom: .0001pt; text-align: justify;\"><span style=\"font-family: Arial, Helvetica, sans-serif; color: #000000;\">Un interesante recuento period\u00edstico del colega Fernando Camacho Serv\u00edn ilustra con pelos y se\u00f1ales que en la composici\u00f3n de la LXVI Legislatura en la C\u00e1mara de Diputados existen hombres y tambi\u00e9n mujeres que hasta hoy permanecen m\u00e1s de dos y hasta tres d\u00e9cadas en diversos cargos que debieran ser encargos legislativos de la ciudadan\u00eda en el Senado, la C\u00e1mara de Diputados y los 32 congresos estatales, debido a que la legislaci\u00f3n vigente permite terminar un periodo en alguna de esas instancias y ser postulado a rengl\u00f3n seguido a otra c\u00e1mara federal o local.\n\n\n\n<p><a href=\"https:\/\/forumenlinea.com\/?p=4401\">M\u00e1s&gt;&gt;<\/a><\/p>\n\n\n\n<p style=\"margin-right: 0cm; margin-left: 0cm; font-size: 16px; font-family: 'Times New Roman','serif'; margin: 0cm; margin-bottom: .0001pt;\"><span style=\"font-size: 19px; font-family: Arial, Helvetica, sans-serif; color: #000000;\">Utop\u00eda<\/span><\/p>\n<p style=\"margin-right: 0cm; margin-left: 0cm; font-size: 16px; font-family: 'Times New Roman','serif'; margin: 0cm; margin-bottom: .0001pt;\"><span style=\"font-family: Arial, Helvetica, sans-serif; color: #000000;\">\u00a0<\/span><\/p>\n<p style=\"margin-right: 0cm; margin-left: 0cm; font-size: 16px; font-family: 'Times New Roman','serif'; margin: 0cm; margin-bottom: .0001pt; text-align: center;\"><span style=\"font-family: Arial, Helvetica, sans-serif; color: #000000;\"><strong><span style=\"font-size: 24px;\">\u201cPor respeto a la presidenta Sheinbaum\u201d<\/span><\/strong><\/span><\/p>\n<p style=\"margin-right: 0cm; margin-left: 0cm; font-size: 16px; font-family: 'Times New Roman','serif'; margin: 0cm; margin-bottom: .0001pt;\"><span style=\"font-family: Arial, Helvetica, sans-serif; color: #000000;\">\u00a0<\/span><\/p>\n<p style=\"margin-right: 0cm; margin-left: 0cm; font-size: 16px; font-family: 'Times New Roman','serif'; margin: 0cm; margin-bottom: .0001pt;\"><span style=\"font-family: Arial, Helvetica, sans-serif; color: #000000;\"><strong>Eduardo Ibarra Aguirre<\/strong><\/span><\/p>\n<p style=\"margin: 0cm; margin-bottom: .0001pt; font-size: 16px; font-family: 'Times New Roman','serif'; text-align: justify;\"><span style=\"font-family: Arial, Helvetica, sans-serif; color: #000000;\">\u00a0<\/span><\/p>\n<p style=\"margin: 0cm; margin-bottom: .0001pt; font-size: 16px; font-family: 'Times New Roman','serif'; text-align: justify;\"><span style=\"font-family: Arial, Helvetica, sans-serif; color: #000000;\">Primero los dos comunicados oficiales en forma textual, el del presidente Donald John Trump, dado a conocer por medio de la red social Truth, de la que es propietario: \u201cDespu\u00e9s de hablar con la presidenta de M\u00e9xico, Claudia Sheinbaum, acord\u00e9 que M\u00e9xico no tendr\u00e1 que pagar aranceles sobre nada que est\u00e9 incluido en el Acuerdo T-MEC. Este acuerdo es hasta el 2 de abril. Lo hice como una adaptaci\u00f3n y por respeto a la presidenta Sheinbaum. Nuestra relaci\u00f3n ha sido muy buena y estamos trabajando duro, juntos, en la frontera, tanto en t\u00e9rminos de detener el ingreso de inmigrantes ilegales a los Estados Unidos como, asimismo, para detener el fentanilo. \u00a1Gracias a la presidenta Sheinbaum por su arduo trabajo y cooperaci\u00f3n!\u201d, escribi\u00f3 Trump.\n\n\n\n<p><a href=\"https:\/\/forumenlinea.com\/?p=4399\">M\u00e1s&gt;&gt;<\/a><\/p>\n\n\n\n<p style=\"margin-right: 0cm; margin-left: 0cm; font-size: 16px; font-family: 'Times New Roman','serif'; margin: 0cm; margin-bottom: .0001pt; background: white;\"><span style=\"font-size: 19px; font-family: Arial, Helvetica, sans-serif; color: #000000;\">Utop\u00eda<\/span><\/p>\n<p style=\"margin-right: 0cm; margin-left: 0cm; font-size: 16px; font-family: 'Times New Roman','serif'; margin: 0cm; margin-bottom: .0001pt;\"><span style=\"font-family: Arial, Helvetica, sans-serif; color: #000000;\">\u00a0<\/span><\/p>\n<p style=\"margin-right: 0cm; margin-left: 0cm; font-size: 16px; font-family: 'Times New Roman','serif'; margin: 0cm; margin-bottom: .0001pt; text-align: center;\"><span style=\"font-family: Arial, Helvetica, sans-serif; color: #000000;\"><strong><span style=\"font-size: 24px;\">Trump, \u201cAm\u00e9rica primero\u201d y aranceles<\/span><\/strong><\/span><\/p>\n<p style=\"margin-right: 0cm; margin-left: 0cm; font-size: 16px; font-family: 'Times New Roman','serif'; margin: 0cm; margin-bottom: .0001pt;\"><span style=\"font-family: Arial, Helvetica, sans-serif; color: #000000;\">\u00a0<\/span><\/p>\n<p style=\"margin-right: 0cm; margin-left: 0cm; font-size: 16px; font-family: 'Times New Roman','serif'; margin: 0cm; margin-bottom: .0001pt;\"><span style=\"font-family: Arial, Helvetica, sans-serif; color: #000000;\"><strong>Eduardo Ibarra Aguirre<\/strong><\/span><\/p>\n<p style=\"margin: 0cm; margin-bottom: .0001pt; font-size: 16px; font-family: 'Times New Roman','serif'; text-align: justify;\"><span style=\"font-family: Arial, Helvetica, sans-serif; color: #000000;\">\u00a0<\/span><\/p>\n<p style=\"margin: 0cm; margin-bottom: .0001pt; font-size: 16px; font-family: 'Times New Roman','serif'; text-align: justify;\"><span style=\"font-family: Arial, Helvetica, sans-serif; color: #000000;\">Salvo correcci\u00f3n de \u00faltima hora, lo que se percibe muy dif\u00edcil mas no imposible por las caracter\u00edsticas del presidente Donald John Trump, el gobierno de Claudia Sheinbaum y el pueblo de M\u00e9xico todo pagar\u00e1n los costos de las decisiones que tomaron otros al suscribir y apostar todo el futuro del pa\u00eds al Tratado de Libre Comercio de Am\u00e9rica del Norte con Estados Unidos y Canad\u00e1 que entr\u00f3 en vigor el 1 de enero de 1994, cuando la apuesta del imperio de las barras y las estrellas, de sus grupos plutocr\u00e1ticos y las elites gobernantes consist\u00eda en el modelo globalizador de libre comercio que ahora es sustituido por el programa y las pol\u00edticas que conduzcan al objetivo supremo de \u201cAm\u00e9rica primero\u201d.\n\n\n\n<p><a href=\"https:\/\/forumenlinea.com\/?p=4397\">M\u00e1s&gt;&gt;<\/a><\/p>\n\n\n\n<p style=\"margin-right: 0cm; margin-left: 0cm; font-size: 16px; font-family: 'Times New Roman','serif'; margin: 0cm; margin-bottom: .0001pt; background: white;\"><span style=\"font-size: 19px; font-family: Arial, Helvetica, sans-serif; color: #000000;\">Utop\u00eda<\/span><\/p>\n<p style=\"margin-right: 0cm; margin-left: 0cm; font-size: 16px; font-family: 'Times New Roman','serif'; margin: 0cm; margin-bottom: .0001pt;\"><span style=\"font-family: Arial, Helvetica, sans-serif; color: #000000;\">\u00a0<\/span><\/p>\n<p style=\"margin-right: 0cm; margin-left: 0cm; font-size: 16px; font-family: 'Times New Roman','serif'; margin: 0cm; margin-bottom: .0001pt; text-align: center;\"><span style=\"font-family: Arial, Helvetica, sans-serif; color: #000000;\"><strong><span style=\"font-size: 24px;\">EUA y EUM: Malabares por los 29<\/span><\/strong><\/span><\/p>\n<p style=\"margin-right: 0cm; margin-left: 0cm; font-size: 16px; font-family: 'Times New Roman','serif'; margin: 0cm; margin-bottom: .0001pt;\"><span style=\"font-family: Arial, Helvetica, sans-serif; color: #000000;\">\u00a0<\/span><\/p>\n<p style=\"margin-right: 0cm; margin-left: 0cm; font-size: 16px; font-family: 'Times New Roman','serif'; margin: 0cm; margin-bottom: .0001pt;\"><span style=\"font-family: Arial, Helvetica, sans-serif; color: #000000;\"><strong>Eduardo Ibarra Aguirre<\/strong><\/span><\/p>\n<p style=\"margin-right: 0cm; margin-left: 0cm; font-size: 16px; font-family: 'Times New Roman','serif'; margin: 0cm; margin-bottom: .0001pt; text-align: justify;\"><span style=\"font-family: Arial, Helvetica, sans-serif; color: #000000;\">\u00a0<\/span><\/p>\n<p style=\"margin-right: 0cm; margin-left: 0cm; font-size: 16px; font-family: 'Times New Roman','serif'; margin: 0cm; margin-bottom: .0001pt; text-align: justify;\"><span style=\"font-family: Arial, Helvetica, sans-serif; color: #000000;\">A pregunta de los que cubren la Ma\u00f1anera del Pueblo, la titular del Ejecutivo federal, Claudia Sheinbaum, rehuy\u00f3 contestar si la entrega a Estados Unidos de 29 capos y operadores de siete de los llamados c\u00e1rteles fue una estrategia para frenar la imposici\u00f3n de aranceles a productos mexicanos por Donald Trump. Respondi\u00f3 que las negociaciones fueron \u201cmuy positivas\u201d y que \u201clos detalles del traslado\u201d ser\u00edan abordados por el gabinete de seguridad en otra conferencia de prensa. Respecto a las tarifas de exportaci\u00f3n, se limit\u00f3 a \u201cTodav\u00eda faltan tres d\u00edas\u201d.\n\n\n\n<p><a href=\"https:\/\/forumenlinea.com\/?p=4395\">M\u00e1s&gt;&gt;<\/a><\/p>\n\n\n\n<p style=\"margin-right: 0cm; margin-left: 0cm; font-size: 16px; font-family: 'Times New Roman','serif'; margin: 0cm; margin-bottom: .0001pt; background: white;\"><span style=\"font-size: 19px; font-family: Arial, Helvetica, sans-serif; color: #000000;\">Utop\u00eda<\/span><\/p>\n<p style=\"margin-right: 0cm; margin-left: 0cm; font-size: 16px; font-family: 'Times New Roman','serif'; margin: 0cm; margin-bottom: .0001pt;\"><span style=\"font-family: Arial, Helvetica, sans-serif; color: #000000;\">\u00a0<\/span><\/p>\n<p style=\"margin-right: 0cm; margin-left: 0cm; font-size: 16px; font-family: 'Times New Roman','serif'; margin: 0cm; margin-bottom: .0001pt; text-align: center;\"><span style=\"font-family: Arial, Helvetica, sans-serif; color: #000000;\"><strong><span style=\"font-size: 24px;\">Trump: Que dice mami que siempre no<\/span><\/strong><\/span><\/p>\n<p style=\"margin-right: 0cm; margin-left: 0cm; font-size: 16px; font-family: 'Times New Roman','serif'; margin: 0cm; margin-bottom: .0001pt;\"><span style=\"font-family: Arial, Helvetica, sans-serif; color: #000000;\">\u00a0<\/span><\/p>\n<p style=\"margin-right: 0cm; margin-left: 0cm; font-size: 16px; font-family: 'Times New Roman','serif'; margin: 0cm; margin-bottom: .0001pt;\"><span style=\"font-family: Arial, Helvetica, sans-serif; color: #000000;\"><strong>Eduardo Ibarra Aguirre<\/strong><\/span><\/p>\n<p style=\"margin-right: 0cm; margin-left: 0cm; font-size: 16px; font-family: 'Times New Roman','serif'; margin: 0cm; margin-bottom: .0001pt;\"><span style=\"font-family: Arial, Helvetica, sans-serif; color: #000000;\">\u00a0<\/span><\/p>\n<p style=\"margin-right: 0cm; margin-left: 0cm; font-size: 16px; font-family: 'Times New Roman','serif'; margin: 0cm; margin-bottom: .0001pt; text-align: right;\"><span style=\"font-family: Arial, Helvetica, sans-serif; color: #000000;\"><em>A don Catarino Ibarra Torres, 65 a\u00f1os despu\u00e9s.<\/em><\/span><\/p>\n<p style=\"margin-right: 0cm; margin-left: 0cm; font-size: 16px; font-family: 'Times New Roman','serif'; margin: 0cm; margin-bottom: .0001pt;\"><span style=\"font-family: Arial, Helvetica, sans-serif; color: #000000;\">\u00a0<\/span><\/p>\n<p style=\"margin-right: 0cm; margin-left: 0cm; font-size: 16px; font-family: 'Times New Roman','serif'; margin: 0cm; margin-bottom: .0001pt; text-align: justify;\"><span style=\"font-family: Arial, Helvetica, sans-serif; color: #000000;\">Donald John Trump hace honor a la extendida apreciaci\u00f3n de que en la frontera de la cuarta edad \u2013\u00e9l tiene 78 a\u00f1os\u2013 se vive una cierta regresi\u00f3n humana a conductas y actitudes infantiles, como ahora que present\u00f3 la quinta fecha o plazo para imponer a M\u00e9xico y Canad\u00e1 tarifas arancelarias. No pareciera casual que durante su visita a Londres, Gran Breta\u00f1a, en su primer periodo de inquilino y empresario en la Casa Blanca (2017-2021), en la gran concentraci\u00f3n en contra de su visita a Londres, el 2 y 3 de junio de 2019, destacaran los grandes mu\u00f1ecos inflables que lo exhib\u00edan como un beb\u00e9 con todo y pa\u00f1al.\n\n\n\n<p><a href=\"https:\/\/forumenlinea.com\/?p=4364\">M\u00e1s&gt;&gt;<\/a><\/p>\n\n\n\n<p style=\"margin-right: 0cm; margin-left: 0cm; font-size: 16px; font-family: 'Times New Roman','serif'; margin: 0cm; margin-bottom: .0001pt; background: white;\"><span style=\"font-size: 19px; font-family: Arial, Helvetica, sans-serif; color: #000000;\">Utop\u00eda<\/span><\/p>\n<p style=\"margin-right: 0cm; margin-left: 0cm; font-size: 16px; font-family: 'Times New Roman','serif'; margin: 0cm; margin-bottom: .0001pt;\"><span style=\"font-family: Arial, Helvetica, sans-serif; color: #000000;\">\u00a0<\/span><\/p>\n<p style=\"margin-right: 0cm; margin-left: 0cm; font-size: 16px; font-family: 'Times New Roman','serif'; margin: 0cm; margin-bottom: .0001pt; text-align: center;\"><span style=\"font-family: Arial, Helvetica, sans-serif; color: #000000;\"><strong><span style=\"font-size: 24px;\">Sheinbaum, Trump y la cuenta regresiva<\/span><\/strong><\/span><\/p>\n<p style=\"margin-right: 0cm; margin-left: 0cm; font-size: 16px; font-family: 'Times New Roman','serif'; margin: 0cm; margin-bottom: .0001pt;\"><span style=\"font-family: Arial, Helvetica, sans-serif; color: #000000;\">\u00a0<\/span><\/p>\n<p style=\"margin-right: 0cm; margin-left: 0cm; font-size: 16px; font-family: 'Times New Roman','serif'; margin: 0cm; margin-bottom: .0001pt;\"><span style=\"font-family: Arial, Helvetica, sans-serif; color: #000000;\"><strong>Eduardo Ibarra Aguirre<\/strong><\/span><\/p>\n<p style=\"margin-right: 0cm; margin-left: 0cm; font-size: 16px; font-family: 'Times New Roman','serif'; margin: 0cm; margin-bottom: .0001pt;\"><span style=\"font-family: Arial, Helvetica, sans-serif; color: #000000;\">\u00a0<\/span><\/p>\n<p style=\"margin-right: 0cm; margin-left: 0cm; font-size: 16px; font-family: 'Times New Roman','serif'; margin: 0cm; margin-bottom: .0001pt; text-align: justify;\"><span style=\"font-family: Arial, Helvetica, sans-serif; color: #000000;\">Frente al anuncio de Donald John Trump, formulado en la Conferencia Pol\u00edtica de Acci\u00f3n Conservadora, elemento contextual que no puede obviarse porque all\u00ed es obligado mostrarse duro, intransigente: \u201cNo estoy contento con M\u00e9xico ni con Canad\u00e1\u201d, Claudia Sheinbaum dedic\u00f3 su discurso del D\u00eda de la Bandera, organizado por la Secretar\u00eda de la Defensa Nacional en el Campo Marte, para desplegar la posici\u00f3n principista de su gobierno en materia de soberan\u00eda nacional. Esto no implica indisposici\u00f3n a negociar en t\u00e9rminos pragm\u00e1ticos con la Casa Blanca, pero teniendo como l\u00edmite la autodeterminaci\u00f3n mexicana. Ella lo explico as\u00ed en la parte medular de su discurso:\n\n\n\n<p><a href=\"https:\/\/forumenlinea.com\/?p=4362\">M\u00e1s&gt;&gt;<\/a><\/p>\n\n\n\n<p style=\"margin-right: 0cm; margin-left: 0cm; font-size: 16px; font-family: 'Times New Roman','serif'; margin: 0cm; margin-bottom: .0001pt; background: white;\"><span style=\"font-size: 19px; font-family: Arial, Helvetica, sans-serif; color: #000000;\">Utop\u00eda<\/span><\/p>\n<p style=\"margin-right: 0cm; margin-left: 0cm; font-size: 16px; font-family: 'Times New Roman','serif'; margin: 0cm; margin-bottom: .0001pt;\"><span style=\"font-family: Arial, Helvetica, sans-serif; color: #000000;\">\u00a0<\/span><\/p>\n<p style=\"margin: 0cm; margin-bottom: .0001pt; font-size: 16px; font-family: 'Times New Roman','serif'; text-align: center;\"><span style=\"font-family: Arial, Helvetica, sans-serif; color: #000000;\"><strong><span style=\"font-size: 24px;\">El emperador no est\u00e1 contento con M\u00e9xico<\/span><\/strong><\/span><\/p>\n<p style=\"margin-right: 0cm; margin-left: 0cm; font-size: 16px; font-family: 'Times New Roman','serif'; margin: 0cm; margin-bottom: .0001pt;\"><span style=\"font-family: Arial, Helvetica, sans-serif; color: #000000;\">\u00a0<\/span><\/p>\n<p style=\"margin-right: 0cm; margin-left: 0cm; font-size: 16px; font-family: 'Times New Roman','serif'; margin: 0cm; margin-bottom: .0001pt;\"><span style=\"font-family: Arial, Helvetica, sans-serif; color: #000000;\"><strong>Eduardo Ibarra Aguirre<\/strong><\/span><\/p>\n<p style=\"margin-right: 0cm; margin-left: 0cm; font-size: 16px; font-family: 'Times New Roman','serif'; margin: 0cm; margin-bottom: .0001pt;\"><span style=\"font-family: Arial, Helvetica, sans-serif; color: #000000;\">\u00a0<\/span><\/p>\n<p style=\"margin: 0cm; margin-bottom: .0001pt; font-size: 16px; font-family: 'Times New Roman','serif'; text-align: justify;\"><span style=\"font-family: Arial, Helvetica, sans-serif; color: #000000;\">El primer emperador neofascista \u2013en sentido estricto\u2013 con cargo de presidente de Estados Unidos, pionero adem\u00e1s en transitar de la condici\u00f3n de delincuente sentenciado a despachar en la Casa Blanca, dijo ante sus camaradas \u2013en su acepci\u00f3n de la Italia de Benito Mussolini\u2013, durante la Conferencia Pol\u00edtica de Acci\u00f3n Conservadora: \u201cNo estoy contento con M\u00e9xico ni con Canad\u00e1\u201d, despu\u00e9s de recordar que hace semanas impuso un arancel \u2013la palabra, jura, que m\u00e1s le gusta\u2013 de 10% a todos los bienes provenientes de China porque \u201cest\u00e1n enviando fentanilo a nuestro pa\u00eds a trav\u00e9s de M\u00e9xico\u201d. 80% del cual lo introducen ciudadanos de USA.\n\n\n\n<p><a href=\"https:\/\/forumenlinea.com\/?p=4360\">M\u00e1s&gt;&gt;<\/a><\/p>\n\n\n\n<p style=\"margin-right: 0cm; margin-left: 0cm; font-size: 16px; font-family: 'Times New Roman','serif'; margin: 0cm; margin-bottom: .0001pt; text-align: justify; background: white;\"><span style=\"font-size: 19px; font-family: Arial, Helvetica, sans-serif; color: #000000;\">Utop\u00eda<\/span><\/p>\n<p style=\"margin-right: 0cm; margin-left: 0cm; font-size: 16px; font-family: 'Times New Roman','serif'; margin: 0cm; margin-bottom: .0001pt; text-align: justify;\"><span style=\"font-family: Arial, Helvetica, sans-serif; color: #000000;\">\u00a0<\/span><\/p>\n<p style=\"margin-right: 0cm; margin-left: 0cm; font-size: 16px; font-family: 'Times New Roman','serif'; margin: 0cm; margin-bottom: .0001pt; text-align: center;\"><span style=\"font-family: Arial, Helvetica, sans-serif; color: #000000;\"><strong><span style=\"font-size: 24px;\">Trump: Amenazas y elogio desmedidos<\/span><\/strong><\/span><\/p>\n<p style=\"margin-right: 0cm; margin-left: 0cm; font-size: 16px; font-family: 'Times New Roman','serif'; margin: 0cm; margin-bottom: .0001pt; text-align: justify;\"><span style=\"font-family: Arial, Helvetica, sans-serif; color: #000000;\">\u00a0<\/span><\/p>\n<p style=\"margin-right: 0cm; margin-left: 0cm; font-size: 16px; font-family: 'Times New Roman','serif'; margin: 0cm; margin-bottom: .0001pt; text-align: justify;\"><span style=\"font-family: Arial, Helvetica, sans-serif; color: #000000;\"><strong>Eduardo Ibarra Aguirre<\/strong><\/span><\/p>\n<p style=\"margin-right: 0cm; margin-left: 0cm; font-size: 16px; font-family: 'Times New Roman','serif'; margin: 0cm; margin-bottom: .0001pt; text-align: justify;\"><span style=\"font-family: Arial, Helvetica, sans-serif; color: #000000;\">\u00a0<\/span><\/p>\n<p style=\"margin: 0cm; margin-bottom: .0001pt; font-size: 16px; font-family: 'Times New Roman','serif'; text-align: justify;\"><span style=\"font-family: Arial, Helvetica, sans-serif; color: #000000;\">Hace muy bien la presidenta con A en tomar todas las precauciones jur\u00eddicas, constitucionales, pol\u00edticas e institucionales que sean necesarias para sortear y mejor a\u00fan enfrentar la andanada trumpista, as\u00ed tenga una envoltura de elogio a la \u201cmujer maravillosa\u201d que es Claudia Sheinbaum, para reposicionar al ahora descarnado imperio de las barras y las estrellas que se pasa por el arco del triunfo la arquitectura jur\u00eddica internacional, en todos los espacios perdidos en su papel hegem\u00f3nico en el orbe, y del que surge con mayor nitidez y fuerza un mundo multipolar que dif\u00edcilmente se puede impedir.\n\n\n\n<p><a href=\"https:\/\/forumenlinea.com\/?p=4358\">M\u00e1s&gt;&gt;<\/a><\/p>\n\n\n\n<p style=\"margin-right: 0cm; margin-left: 0cm; font-size: 16px; font-family: 'Times New Roman','serif'; margin: 0cm; margin-bottom: .0001pt; background: white;\"><span style=\"font-size: 19px; font-family: Arial, Helvetica, sans-serif; color: #000000;\">Utop\u00eda<\/span><\/p>\n<p style=\"margin-right: 0cm; margin-left: 0cm; font-size: 16px; font-family: 'Times New Roman','serif'; margin: 0cm; margin-bottom: .0001pt;\"><span style=\"font-family: Arial, Helvetica, sans-serif; color: #000000;\">\u00a0<\/span><\/p>\n<p style=\"margin-right: 0cm; margin-left: 0cm; font-size: 16px; font-family: 'Times New Roman','serif'; margin: 0cm; margin-bottom: .0001pt; text-align: center;\"><span style=\"font-family: Arial, Helvetica, sans-serif; color: #000000;\"><strong><span style=\"font-size: 24px;\">Movimiento 50501: Esto apenas comienza<\/span><\/strong><\/span><\/p>\n<p style=\"margin-right: 0cm; margin-left: 0cm; font-size: 16px; font-family: 'Times New Roman','serif'; margin: 0cm; margin-bottom: .0001pt;\"><span style=\"font-family: Arial, Helvetica, sans-serif; color: #000000;\">\u00a0<\/span><\/p>\n<p style=\"margin-right: 0cm; margin-left: 0cm; font-size: 16px; font-family: 'Times New Roman','serif'; margin: 0cm; margin-bottom: .0001pt;\"><span style=\"font-family: Arial, Helvetica, sans-serif; color: #000000;\"><strong>Eduardo Ibarra Aguirre<\/strong><\/span><\/p>\n<p style=\"margin: 0cm; margin-bottom: .0001pt; font-size: 16px; font-family: 'Times New Roman','serif'; text-align: justify;\"><span style=\"font-family: Arial, Helvetica, sans-serif; color: #000000;\">\u00a0<\/span><\/p>\n<p style=\"margin: 0cm; margin-bottom: .0001pt; font-size: 16px; font-family: 'Times New Roman','serif'; text-align: justify;\"><span style=\"font-family: Arial, Helvetica, sans-serif; color: #000000;\">El lunes 17 fue feriado en Estados Unidos por festejarse el D\u00eda de los Presidentes, pero muchos miles de ciudadanos lo aprovecharon para marchar por las avenidas de decenas de ciudades en contra de la pretensi\u00f3n gubernamental, encabezada por Donald Trump y Elon Musk \u2013el plut\u00f3crata n\u00famero uno del orbe\u2013, de desmantelar agencias, promover despidos masivos, deportar migrantes encadenados y anular l\u00edmites constitucionales al Poder Ejecutivo.\n\n\n\n<p><a href=\"https:\/\/forumenlinea.com\/?p=4356\">M\u00e1s&gt;&gt;<\/a><\/p>\n\n\n\n<p style=\"margin-right: 0cm; margin-left: 0cm; font-size: 16px; font-family: 'Times New Roman','serif'; margin: 0cm; margin-bottom: .0001pt;\"><span style=\"font-size: 19px; font-family: Arial, Helvetica, sans-serif; color: #000000;\">Utop\u00eda<\/span><\/p>\n<p style=\"margin-right: 0cm; margin-left: 0cm; font-size: 16px; font-family: 'Times New Roman','serif'; margin: 0cm; margin-bottom: .0001pt;\"><span style=\"font-family: Arial, Helvetica, sans-serif; color: #000000;\">\u00a0<\/span><\/p>\n<p style=\"margin-right: 0cm; margin-left: 0cm; font-size: 16px; font-family: 'Times New Roman','serif'; margin: 0cm; margin-bottom: .0001pt; text-align: center;\"><span style=\"font-family: Arial, Helvetica, sans-serif; color: #000000;\"><strong><span style=\"font-size: 24px;\">Las buenas cuentas del turismo<\/span><\/strong><\/span><\/p>\n<p style=\"margin-right: 0cm; margin-left: 0cm; font-size: 16px; font-family: 'Times New Roman','serif'; margin: 0cm; margin-bottom: .0001pt;\"><span style=\"font-family: Arial, Helvetica, sans-serif; color: #000000;\">\u00a0<\/span><\/p>\n<p style=\"margin-right: 0cm; margin-left: 0cm; font-size: 16px; font-family: 'Times New Roman','serif'; margin: 0cm; margin-bottom: .0001pt;\"><span style=\"font-family: Arial, Helvetica, sans-serif; color: #000000;\"><strong>Eduardo Ibarra Aguirre<\/strong><\/span><\/p>\n<p style=\"margin-right: 0cm; margin-left: 0cm; font-size: 16px; font-family: 'Times New Roman','serif'; margin: 0cm; margin-bottom: .0001pt;\"><span style=\"font-family: Arial, Helvetica, sans-serif; color: #000000;\">\u00a0<\/span><\/p>\n<p style=\"margin: 0cm; margin-bottom: .0001pt; font-size: 16px; font-family: 'Times New Roman','serif'; text-align: justify;\"><span style=\"font-family: Arial, Helvetica, sans-serif; color: #000000;\">Finalmente se alcanzaron y est\u00e1n en proceso de superaci\u00f3n las cifras previas a la pandemia de covid-19 en la industria mexicana sin chimeneas. En 2024 dej\u00f3 una derrama econ\u00f3mica de 32 956 millones de d\u00f3lares, lo que signific\u00f3 un incremento de 7.4% respecto a 2023, cuando muchos pa\u00edses siguen luchando por recuperarse; si nos atenemos al juicio y las cifras proporcionadas por Josefina Rodr\u00edguez Zamora, titular de Turismo, en la llamada oficialmente Ma\u00f1anera del Pueblo (14-II-25). En este rubro, M\u00e9xico tiene un super\u00e1vit de 21 632 millones de d\u00f3lares.\n\n\n\n<p><a href=\"https:\/\/forumenlinea.com\/?p=4354\">M\u00e1s&gt;&gt;<\/a><\/p>\n\n\n\n<p style=\"margin-right: 0cm; margin-left: 0cm; font-size: 16px; font-family: 'Times New Roman','serif'; margin: 0cm; margin-bottom: .0001pt;\"><span style=\"font-size: 19px; font-family: Arial, Helvetica, sans-serif; color: #000000;\">Utop\u00eda<\/span><\/p>\n<p style=\"margin-right: 0cm; margin-left: 0cm; font-size: 16px; font-family: 'Times New Roman','serif'; margin: 0cm; margin-bottom: .0001pt;\"><span style=\"font-family: Arial, Helvetica, sans-serif; color: #000000;\">\u00a0<\/span><\/p>\n<p style=\"margin-right: 0cm; margin-left: 0cm; font-size: 16px; font-family: 'Times New Roman','serif'; margin: 0cm; margin-bottom: .0001pt; text-align: center;\"><span style=\"font-family: Arial, Helvetica, sans-serif; color: #000000;\"><strong><span style=\"font-size: 24px;\">Afinan cr\u00edticas sobre inseguridad p\u00fablica<\/span><\/strong><\/span><\/p>\n<p style=\"margin-right: 0cm; margin-left: 0cm; font-size: 16px; font-family: 'Times New Roman','serif'; margin: 0cm; margin-bottom: .0001pt;\"><span style=\"font-family: Arial, Helvetica, sans-serif; color: #000000;\">\u00a0<\/span><\/p>\n<p style=\"margin-right: 0cm; margin-left: 0cm; font-size: 16px; font-family: 'Times New Roman','serif'; margin: 0cm; margin-bottom: .0001pt;\"><span style=\"font-family: Arial, Helvetica, sans-serif; color: #000000;\"><strong>Eduardo Ibarra Aguirre<\/strong><\/span><\/p>\n<p style=\"margin-right: 0cm; margin-left: 0cm; font-size: 16px; font-family: 'Times New Roman','serif'; margin: 0cm; margin-bottom: .0001pt;\"><span style=\"font-family: Arial, Helvetica, sans-serif; color: #000000;\">\u00a0<\/span><\/p>\n<p style=\"margin-right: 0cm; margin-left: 0cm; font-size: 16px; font-family: 'Times New Roman','serif'; margin: 0cm; margin-bottom: .0001pt; text-align: justify;\"><span style=\"font-family: Arial, Helvetica, sans-serif; color: #000000;\">Conforme los resultados en el abatimiento de la inseguridad p\u00fablica son m\u00e1s n\u00edtidos, m\u00e1s complicados de refutarse con argumentos igualmente claros, las oposiciones, as\u00ed en plural porque son muchas y diversas, afinan cr\u00edticas y objeciones y anuncian que presentar\u00e1n una propuesta de reforma que establezca reglas y formatos en la presentaci\u00f3n de c\u00e1lculos de incidencia en homicidios para evitar \u201cmanipulaci\u00f3n en las cifras\u201d, al decir de Jorge Romero, presidente de Acci\u00f3n Nacional y presunto jefe del denominado \u201cc\u00e1rtel inmobiliario\u201d capitalino; as\u00ed como los coordinadores parlamentarios El\u00edas Lixa, de los diputados, y Ricardo Anaya, de los senadores.\n\n\n\n<p><a href=\"https:\/\/forumenlinea.com\/?p=4350\">M\u00e1s&gt;&gt;<\/a><\/p>\n\n\n\n<p style=\"margin-right: 0cm; margin-left: 0cm; font-size: 16px; font-family: 'Times New Roman','serif'; margin: 0cm; margin-bottom: .0001pt;\"><span style=\"font-size: 19px; font-family: Arial, Helvetica, sans-serif; color: #000000;\">Utop\u00eda<\/span><\/p>\n<p style=\"margin-right: 0cm; margin-left: 0cm; font-size: 16px; font-family: 'Times New Roman','serif'; margin: 0cm; margin-bottom: .0001pt;\"><span style=\"font-family: Arial, Helvetica, sans-serif; color: #000000;\">\u00a0<\/span><\/p>\n<p style=\"margin: 0cm; margin-bottom: .0001pt; font-size: 16px; font-family: 'Times New Roman','serif'; text-align: center;\"><span style=\"font-family: Arial, Helvetica, sans-serif; color: #000000;\"><strong><span style=\"font-size: 24px;\">Preguntas muy inc\u00f3modas para Trump<\/span><\/strong><\/span><\/p>\n<p style=\"margin: 0cm; margin-bottom: .0001pt; font-size: 16px; font-family: 'Times New Roman','serif'; text-align: justify;\"><span style=\"font-family: Arial, Helvetica, sans-serif; color: #000000;\">\u00a0<\/span><\/p>\n<p style=\"margin-right: 0cm; margin-left: 0cm; font-size: 16px; font-family: 'Times New Roman','serif'; margin: 0cm; margin-bottom: .0001pt;\"><span style=\"font-family: Arial, Helvetica, sans-serif; color: #000000;\"><strong>Eduardo Ibarra Aguirre<\/strong><\/span><\/p>\n<p style=\"margin: 0cm; margin-bottom: .0001pt; font-size: 16px; font-family: 'Times New Roman','serif'; text-align: justify;\"><span style=\"font-family: Arial, Helvetica, sans-serif; color: #000000;\">\u00a0<\/span><\/p>\n<p style=\"margin: 0cm; margin-bottom: .0001pt; font-size: 16px; font-family: 'Times New Roman','serif'; text-align: justify;\"><span style=\"font-family: Arial, Helvetica, sans-serif; color: #000000;\">A prop\u00f3sito de la mucho m\u00e1s medi\u00e1tica que aut\u00e9ntica lucha contra el inmenso tr\u00e1fico de drogas en Estados Unidos, en particular las metanfetaminas y en espec\u00edfico el fentanilo que mata a m\u00e1s de 100 000 estadunidenses al a\u00f1o, la presidenta de M\u00e9xico formul\u00f3 preguntas en la Ma\u00f1anera del Pueblo (7-II-25) que dif\u00edcilmente encontrar\u00e1n respuestas puntuales de la Fiscal\u00eda General de EU, y menos todav\u00eda de la Casa Blanca y los voceros de Donald John Trump, debido a que ponen el dedo en la llaga del grav\u00edsimo problema de adicciones a los narc\u00f3ticos que padece el imperio de las barras y las estrellas desde los tiempos del corrupto y guerrerista Richard Nixon (1969-74) y su \u201cguerra contra las drogas\u201d que impuso a buena parte del mundo occidental, v\u00eda la Organizaci\u00f3n de las Naciones Unidas.\n\n\n\n<p><a href=\"https:\/\/forumenlinea.com\/?p=4348\">M\u00e1s&gt;&gt;<\/a><\/p>\n\n\n\n<p style=\"margin-right: 0cm; margin-left: 0cm; font-size: 16px; font-family: 'Times New Roman','serif'; margin: 0cm; margin-bottom: .0001pt;\"><span style=\"font-size: 19px; font-family: Arial, Helvetica, sans-serif; color: #000000;\">Utop\u00eda<\/span><\/p>\n<p style=\"margin-right: 0cm; margin-left: 0cm; font-size: 16px; font-family: 'Times New Roman','serif'; margin: 0cm; margin-bottom: .0001pt;\"><span style=\"font-family: Arial, Helvetica, sans-serif; color: #000000;\">\u00a0<\/span><\/p>\n<p style=\"margin-right: 0cm; margin-left: 0cm; font-size: 16px; font-family: 'Times New Roman','serif'; margin: 0cm; margin-bottom: .0001pt; text-align: center;\"><span style=\"font-family: Arial, Helvetica, sans-serif; color: #000000;\"><strong><span style=\"font-size: 24px;\">Creciente rechazo a Trump<\/span><\/strong><\/span><\/p>\n<p style=\"margin-right: 0cm; margin-left: 0cm; font-size: 16px; font-family: 'Times New Roman','serif'; margin: 0cm; margin-bottom: .0001pt;\"><span style=\"font-family: Arial, Helvetica, sans-serif; color: #000000;\">\u00a0<\/span><\/p>\n<p style=\"margin-right: 0cm; margin-left: 0cm; font-size: 16px; font-family: 'Times New Roman','serif'; margin: 0cm; margin-bottom: .0001pt;\"><span style=\"font-family: Arial, Helvetica, sans-serif; color: #000000;\"><strong>Eduardo Ibarra Aguirre<\/strong><\/span><\/p>\n<p style=\"margin-right: 0cm; margin-left: 0cm; font-size: 16px; font-family: 'Times New Roman','serif'; margin: 0cm; margin-bottom: .0001pt;\"><span style=\"font-family: Arial, Helvetica, sans-serif; color: #000000;\">\u00a0<\/span><\/p>\n<p style=\"margin: 0cm; margin-bottom: .0001pt; font-size: 16px; font-family: 'Times New Roman','serif'; text-align: justify;\"><span style=\"font-family: Arial, Helvetica, sans-serif; color: #000000;\">Donald John Trump es el presidente n\u00famero 47 de Estados Unidos, pero tambi\u00e9n el primero que cuenta con menos del 50% de aprobaci\u00f3n en el arranque de su cuatrienio (2025-29) para administrar al imperio de las barras y las estrellas, aunque su firme prop\u00f3sito es relanzarlo hasta convertirlo en el indiscutible, lo que se antoja sumamente dif\u00edcil, m\u00e1xime si se toma en cuenta que cada uno de los imperios tienen su ciclo final \u2013como el Acadio hace m\u00e1s de 4 000 a\u00f1os en Mesopotamia\u2013, generalmente por sus problemas dom\u00e9sticos y la descomposici\u00f3n interna que en el caso estadunidense es m\u00e1s que notable. Ciclo final que no implica que no jueguen un papel importante, baste voltear a Inglaterra, Francia y Alemania.\n\n\n\n<p><a href=\"https:\/\/forumenlinea.com\/?p=4346\">M\u00e1s&gt;&gt;<\/a><\/p>\n\n\n\n<p style=\"margin-right: 0cm; margin-left: 0cm; font-size: 16px; font-family: 'Times New Roman','serif'; margin: 0cm; margin-bottom: .0001pt;\"><span style=\"font-size: 19px; font-family: Arial, Helvetica, sans-serif; color: #000000;\">Utop\u00eda<\/span><\/p>\n<p style=\"margin-right: 0cm; margin-left: 0cm; font-size: 16px; font-family: 'Times New Roman','serif'; margin: 0cm; margin-bottom: .0001pt;\"><span style=\"font-family: Arial, Helvetica, sans-serif; color: #000000;\">\u00a0<\/span><\/p>\n<p style=\"margin-right: 0cm; margin-left: 0cm; font-size: 16px; font-family: 'Times New Roman','serif'; margin: 0cm; margin-bottom: .0001pt; text-align: center;\"><span style=\"font-family: Arial, Helvetica, sans-serif; color: #000000;\"><strong><span style=\"font-size: 24px;\">Donaldo Juan recula s\u00f3lo 30 d\u00edas<\/span><\/strong><\/span><\/p>\n<p style=\"margin-right: 0cm; margin-left: 0cm; font-size: 16px; font-family: 'Times New Roman','serif'; margin: 0cm; margin-bottom: .0001pt;\"><span style=\"font-family: Arial, Helvetica, sans-serif; color: #000000;\">\u00a0<\/span><\/p>\n<p style=\"margin-right: 0cm; margin-left: 0cm; font-size: 16px; font-family: 'Times New Roman','serif'; margin: 0cm; margin-bottom: .0001pt;\"><span style=\"font-family: Arial, Helvetica, sans-serif; color: #000000;\"><strong>Eduardo Ibarra Aguirre<\/strong><\/span><\/p>\n<p style=\"margin-right: 0cm; margin-left: 0cm; font-size: 16px; font-family: 'Times New Roman','serif'; margin: 0cm; margin-bottom: .0001pt;\"><span style=\"font-family: Arial, Helvetica, sans-serif; color: #000000;\">\u00a0<\/span><\/p>\n<p style=\"margin-right: 0cm; margin-left: 0cm; font-size: 16px; font-family: 'Times New Roman','serif'; margin: 0cm; margin-bottom: .0001pt; text-align: justify;\"><span style=\"font-family: Arial, Helvetica, sans-serif; color: #000000;\">Tras una conversaci\u00f3n telef\u00f3nica entre los presidentes Donald Trump y Claudia Sheinbaum, la ma\u00f1ana del lunes 3, acordaron pausar un mes la imposici\u00f3n de 25% de aranceles a las exportaciones mexicanas; instalar dos mesas de trabajo sobre comercio y seguridad (la de migraci\u00f3n ya opera) y desplegar 10 000 elementos de la Guardia Nacional en la frontera norte y Estados Unidos actuar\u00e1 para detener el flujo de armas a M\u00e9xico.\n\n\n\n<p><a href=\"https:\/\/forumenlinea.com\/?p=4344\">M\u00e1s&gt;&gt;<\/a><\/p>\n\n\n\n<html>\n\n<head>\n    <meta charset=\"utf-8\">\n    <meta name=\"viewport\" content=\"width=device-width, initial-scale=1.0\">\n    <title><\/title>\n<\/head>\n\n<body>\n    <p style='margin-right:0cm;margin-left:0cm;font-size:16px;font-family:\"Times New Roman\",\"serif\";margin:0cm;margin-bottom:.0001pt;'><span style=\"font-size: 19px; font-family: Arial, Helvetica, sans-serif; color: rgb(0, 0, 0);\">Utop&iacute;a<\/span><\/p>\n    <p style='margin-right:0cm;margin-left:0cm;font-size:16px;font-family:\"Times New Roman\",\"serif\";margin:0cm;margin-bottom:.0001pt;'><span style=\"font-family: Arial, Helvetica, sans-serif; color: rgb(0, 0, 0);\">&nbsp;<\/span><\/p>\n    <p style='margin-right:0cm;margin-left:0cm;font-size:16px;font-family:\"Times New Roman\",\"serif\";margin:0cm;margin-bottom:.0001pt;text-align:center;'><span style=\"font-family: Arial, Helvetica, sans-serif; color: rgb(0, 0, 0);\"><strong><span style=\"font-size: 24px;\">Trump, el emperador s&uacute;per demagogo<\/span><\/strong><\/span><\/p>\n    <p style='margin-right:0cm;margin-left:0cm;font-size:16px;font-family:\"Times New Roman\",\"serif\";margin:0cm;margin-bottom:.0001pt;'><span style=\"font-family: Arial, Helvetica, sans-serif; color: rgb(0, 0, 0);\">&nbsp;<\/span><\/p>\n    <p style='margin-right:0cm;margin-left:0cm;font-size:16px;font-family:\"Times New Roman\",\"serif\";margin:0cm;margin-bottom:.0001pt;'><span style=\"font-family: Arial, Helvetica, sans-serif; color: rgb(0, 0, 0);\"><strong>Eduardo Ibarra Aguirre<\/strong><\/span><\/p>\n    <p style='margin-right:0cm;margin-left:0cm;font-size:16px;font-family:\"Times New Roman\",\"serif\";margin:0cm;margin-bottom:.0001pt;'><span style=\"font-family: Arial, Helvetica, sans-serif; color: rgb(0, 0, 0);\">&nbsp;<\/span><\/p>\n    <p style='margin-right:0cm;margin-left:0cm;font-size:16px;font-family:\"Times New Roman\",\"serif\";margin:0cm;margin-bottom:.0001pt;text-align:justify;'><span style=\"font-family: Arial, Helvetica, sans-serif; color: rgb(0, 0, 0);\">Ya es un &nbsp;lugar com&uacute;n arg&uuml;ir que con las medidas arancelarias que impuso Donald John Trump a Canad&aacute;, China y M&eacute;xico se da un balazo al pie, si tal imagen representara a la realidad en proceso de configuraci&oacute;n, no habr&iacute;a mucho de qu&eacute; preocuparse. No, los riesgos potenciales y da&ntilde;os econ&oacute;micos y sociales son mucho mayores para las econom&iacute;as de los tres pa&iacute;ses, pero tambi&eacute;n para la estadunidense y, sobre todo, para los sectores populares de las cuatro sociedades.<\/span><\/p>\n\n\n\n<p><a href=\"https:\/\/forumenlinea.com\/?p=4332\">M\u00e1s&gt;&gt;<\/a><\/p>\n\n\n\n<html>\n\n<head>\n    <meta charset=\"utf-8\">\n    <meta name=\"viewport\" content=\"width=device-width, initial-scale=1.0\">\n    <title><\/title>\n<\/head>\n\n<body>\n    <p style='margin-right:0cm;margin-left:0cm;font-size:16px;font-family:\"Times New Roman\",\"serif\";margin:0cm;margin-bottom:.0001pt;'><span style=\"font-size: 19px; font-family: Arial, Helvetica, sans-serif; color: rgb(0, 0, 0);\">Utop&iacute;a<\/span><\/p>\n    <p style='margin-right:0cm;margin-left:0cm;font-size:16px;font-family:\"Times New Roman\",\"serif\";margin:0cm;margin-bottom:.0001pt;'><span style=\"font-family: Arial, Helvetica, sans-serif; color: rgb(0, 0, 0);\">&nbsp;<\/span><\/p>\n    <p style='margin-right:0cm;margin-left:0cm;font-size:16px;font-family:\"Times New Roman\",\"serif\";margin:0cm;margin-bottom:.0001pt;text-align:center;'><span style=\"font-family: Arial, Helvetica, sans-serif; color: rgb(0, 0, 0);\"><strong><span style=\"font-size: 24px;\">Retroceso en la percepci&oacute;n sobre seguridad<\/span><\/strong><\/span><\/p>\n    <p style='margin-right:0cm;margin-left:0cm;font-size:16px;font-family:\"Times New Roman\",\"serif\";margin:0cm;margin-bottom:.0001pt;'><span style=\"font-family: Arial, Helvetica, sans-serif; color: rgb(0, 0, 0);\">&nbsp;<\/span><\/p>\n    <p style='margin-right:0cm;margin-left:0cm;font-size:16px;font-family:\"Times New Roman\",\"serif\";margin:0cm;margin-bottom:.0001pt;'><span style=\"font-family: Arial, Helvetica, sans-serif; color: rgb(0, 0, 0);\"><strong>Eduardo Ibarra Aguirre<\/strong><\/span><\/p>\n    <p style='margin-right:0cm;margin-left:0cm;font-size:16px;font-family:\"Times New Roman\",\"serif\";margin:0cm;margin-bottom:.0001pt;'><span style=\"font-family: Arial, Helvetica, sans-serif; color: rgb(0, 0, 0);\">&nbsp;<\/span><\/p>\n    <p style='margin:0cm;margin-bottom:.0001pt;font-size:16px;font-family:\"Times New Roman\",\"serif\";text-align:justify;'><span style=\"font-family: Arial, Helvetica, sans-serif; color: rgb(0, 0, 0);\">Los avances en materia de seguridad p&uacute;blica en el primer cuatrimestre de Claudia Sheinbaum son muy positivos en varios renglones, pero la novedad es que no guardan correspondencia con el incremento en la percepci&oacute;n ciudadana sobre la inseguridad que alcanz&oacute; 61.7% de la poblaci&oacute;n de 18 a&ntilde;os y m&aacute;s residente en 91 ciudades &nbsp;y que consideran que es inseguro vivir en su localidad, un porcentaje no registrado desde junio de 2023; de acuerdo a la informaci&oacute;n proporcionada el viernes 24 por el Instituto Nacional de Estad&iacute;stica, Geograf&iacute;a e Inform&aacute;tica.<\/span><\/p>\n\n\n\n<p><a href=\"https:\/\/forumenlinea.com\/?p=4330\">M\u00e1s&gt;&gt;<\/a><\/p>\n\n\n\n<html>\n\n<head>\n    <meta charset=\"utf-8\">\n    <meta name=\"viewport\" content=\"width=device-width, initial-scale=1.0\">\n    <title><\/title>\n<\/head>\n\n<body>\n    <p style='margin-right:0cm;margin-left:0cm;font-size:16px;font-family:\"Times New Roman\",\"serif\";margin:0cm;margin-bottom:.0001pt;'><span style=\"font-size: 19px; font-family: Arial, Helvetica, sans-serif; color: rgb(0, 0, 0);\">Utop&iacute;a<\/span><\/p>\n    <p style='margin-right:0cm;margin-left:0cm;font-size:16px;font-family:\"Times New Roman\",\"serif\";margin:0cm;margin-bottom:.0001pt;'><span style=\"font-family: Arial, Helvetica, sans-serif; color: rgb(0, 0, 0);\">&nbsp;<\/span><\/p>\n    <p style='margin-right:0cm;margin-left:0cm;font-size:16px;font-family:\"Times New Roman\",\"serif\";margin:0cm;margin-bottom:.0001pt;text-align:center;'><span style=\"font-family: Arial, Helvetica, sans-serif; color: rgb(0, 0, 0);\"><strong><span style=\"font-size: 24px;\">EUA ingresa a la corrupci&oacute;n sin verg&uuml;enza<\/span><\/strong><\/span><\/p>\n    <p style='margin-right:0cm;margin-left:0cm;font-size:16px;font-family:\"Times New Roman\",\"serif\";margin:0cm;margin-bottom:.0001pt;'><span style=\"font-family: Arial, Helvetica, sans-serif; color: rgb(0, 0, 0);\">&nbsp;<\/span><\/p>\n    <p style='margin-right:0cm;margin-left:0cm;font-size:16px;font-family:\"Times New Roman\",\"serif\";margin:0cm;margin-bottom:.0001pt;'><span style=\"font-family: Arial, Helvetica, sans-serif; color: rgb(0, 0, 0);\"><strong>Eduardo Ibarra Aguirre<\/strong><\/span><\/p>\n    <p style='margin-right:0cm;margin-left:0cm;font-size:16px;font-family:\"Times New Roman\",\"serif\";margin:0cm;margin-bottom:.0001pt;'><span style=\"font-family: Arial, Helvetica, sans-serif; color: rgb(0, 0, 0);\">&nbsp;<\/span><\/p>\n    <p style='margin:0cm;margin-bottom:.0001pt;font-size:16px;font-family:\"Times New Roman\",\"serif\";text-align:justify;'><span style=\"font-family: Arial, Helvetica, sans-serif; color: rgb(0, 0, 0);\">Lo anterior no lo dice el redactor sino Nellie Bowles, especialista sobre tecnolog&iacute;a, en el Free Press y en estos t&eacute;rminos: &ldquo;Lo pronostico ahora. Estamos por entrar en una era de estafas anteriormente inimaginable. Estafas que sorprender&aacute;n y deleitar&aacute;n. Estafas con peque&ntilde;as estafas secundarias agregadas. Estados Unidos ha ingresado en su era de corrupci&oacute;n sin verg&uuml;enza, y mi apuesta es que el entusiasmo de Trump en este &aacute;mbito nos tocar&aacute; a todos&rdquo;. (Cita tomada del reportaje de Jim Cason y Davis Brooks, corresponsales de La Jornada en Washington y Nueva York).<br><br><\/span><\/p>\n\n\n\n<p><a href=\"https:\/\/forumenlinea.com\/?p=4328\">M\u00e1s&gt;&gt;<\/a><\/p>\n\n\n\n<p><\/p>\n","protected":false},"excerpt":{"rendered":"<p>1233123<\/p>\n<div class=\"more-link-wrapper\"><a class=\"more-link\" href=\"https:\/\/forumenlinea.com\/\">Continuar leyendo<span class=\"screen-reader-text\">Inicio<\/span><\/a><\/div>\n","protected":false},"author":1,"featured_media":0,"parent":0,"menu_order":0,"comment_status":"closed","ping_status":"closed","template":"","meta":{"footnotes":""},"class_list":["post-374","page","type-page","status-publish","hentry","entry"],"_links":{"self":[{"href":"https:\/\/forumenlinea.com\/index.php?rest_route=\/wp\/v2\/pages\/374","targetHints":{"allow":["GET"]}}],"collection":[{"href":"https:\/\/forumenlinea.com\/index.php?rest_route=\/wp\/v2\/pages"}],"about":[{"href":"https:\/\/forumenlinea.com\/index.php?rest_route=\/wp\/v2\/types\/page"}],"author":[{"embeddable":true,"href":"https:\/\/forumenlinea.com\/index.php?rest_route=\/wp\/v2\/users\/1"}],"replies":[{"embeddable":true,"href":"https:\/\/forumenlinea.com\/index.php?rest_route=%2Fwp%2Fv2%2Fcomments&post=374"}],"version-history":[{"count":134,"href":"https:\/\/forumenlinea.com\/index.php?rest_route=\/wp\/v2\/pages\/374\/revisions"}],"predecessor-version":[{"id":4492,"href":"https:\/\/forumenlinea.com\/index.php?rest_route=\/wp\/v2\/pages\/374\/revisions\/4492"}],"wp:attachment":[{"href":"https:\/\/forumenlinea.com\/index.php?rest_route=%2Fwp%2Fv2%2Fmedia&parent=374"}],"curies":[{"name":"wp","href":"https:\/\/api.w.org\/{rel}","templated":true}]}}